{"id":9298,"date":"2021-02-02T06:09:04","date_gmt":"2021-02-02T06:09:04","guid":{"rendered":"https:\/\/192.168.100.77\/bizden-haberler\/"},"modified":"2021-07-08T16:43:04","modified_gmt":"2021-07-08T13:43:04","slug":"news","status":"publish","type":"page","link":"https:\/\/www.gunsel.com.tr\/en\/news\/","title":{"rendered":"News"},"content":{"rendered":"\n<section class=\"section\" id=\"section-2qt7v4dd\" >\n\t\t<div class=\"section__container mariselle-container\" >\n\t\t<div class=\"tile is-ancestor max-w-ancestor is-variable is-mobile\">\n    <div class=\"mariselle-column-container tile is-parent is-12 is-responsive\" id=\"column-6i7aqyfb\"  >\n\t\t<div class=\"mariselle-column-content tile is-child\" >\n\t\t<div style=\"--grid-column-tablet: 1;--grid-column-small-desktop: 1;--grid-column-desktop: 1;--grid-column: 4;\" class=\"mariselle-source mariselle-popup-gallery is-grid\" id=\"source-2dfwon52\" >\n    \n<div class=\"is-full-height\" >\n            <div class=\"mariselle-card is-default has-visual link-card has-title\" role=\"region\" >\n\t<div class=\"mariselle-card__head\">\n\t\t<div class=\"mariselle-card__visual\" \t\t>\n\t\t\t<span><img data-src=\"https:\/\/www.gunsel.com.tr\/wp-content\/uploads\/2026\/03\/26\/Rauf-Ersenal.jpg?ver=eff925339ce14a6b4cf4b2132d028b97\" sizes=\"(max-width: 375px) 100vw, 375px\" class=\"lazy-image\" width=\"375\" height=\"250\" \/><\/span>\n\t\t<\/div>\n\t\t\t\t\t<div class=\"mariselle-card__subtitle is-hidden\" \t\t\t>\n\t\t\t\t<time>26 March 2026<\/time>\n\t\t\t<\/div>\n\t\t\t<\/div>\n\t\t\t<div class=\"mariselle-card__body\">\n\t\t\t\t\t\t\t<div\n\t\t\t\t\tclass=\"mariselle-card__title is-size-6\" \t\t\t\t>\n\t\t\t\t\t\t\t\t\t\t\t<span>Thousands of Years of Memory of Cyprus at G\u00dcNSEL Art Museum!<\/span>\n\t\t\t\t\t\t\t\t\t\t<\/div>\n\t\t\t\t<!-- \/mariselle-card__title  -->\n\t\t\t\t\t\t\t\t<\/div>\n\t\t<!-- \/mariselle-card__body  -->\n\t\n\t\t\t<a class=\"link-card__anchor\" href=\"https:\/\/www.gunsel.com.tr\/en\/thousands-of-years-of-memory-of-cyprus-at-gunsel-art-museum\/\" >\t\t<\/a>\n\t\t<!-- \/.link__anchor -->\n\t<\/div>    <\/div>\n\n<div class=\"is-full-height\" >\n            <div class=\"mariselle-card is-default has-visual link-card has-title\" role=\"region\" >\n\t<div class=\"mariselle-card__head\">\n\t\t<div class=\"mariselle-card__visual\" \t\t>\n\t\t\t<span><img data-src=\"https:\/\/www.gunsel.com.tr\/wp-content\/uploads\/2025\/12\/25\/1Teslim-Toreni-2-2-384x250.jpg?ver=c1341b7cf5de9b555182f9dd676bf8eb\" sizes=\"(max-width: 384px) 100vw, 384px\" class=\"lazy-image\" width=\"384\" height=\"250\" \/><\/span>\n\t\t<\/div>\n\t\t\t\t\t<div class=\"mariselle-card__subtitle is-hidden\" \t\t\t>\n\t\t\t\t<time>25 December 2025<\/time>\n\t\t\t<\/div>\n\t\t\t<\/div>\n\t\t\t<div class=\"mariselle-card__body\">\n\t\t\t\t\t\t\t<div\n\t\t\t\t\tclass=\"mariselle-card__title is-size-6\" \t\t\t\t>\n\t\t\t\t\t\t\t\t\t\t\t<span>Local Strength in Combating Forest Fires: The New Generation Fire Truck \u201cKoca Yusuf\u201d Delivered<\/span>\n\t\t\t\t\t\t\t\t\t\t<\/div>\n\t\t\t\t<!-- \/mariselle-card__title  -->\n\t\t\t\t\t\t\t\t<\/div>\n\t\t<!-- \/mariselle-card__body  -->\n\t\n\t\t\t<a class=\"link-card__anchor\" href=\"https:\/\/www.gunsel.com.tr\/en\/local-strength-in-combating-forest-fires-the-new-generation-fire-truck-koca-yusuf-delivered\/\" >\t\t<\/a>\n\t\t<!-- \/.link__anchor -->\n\t<\/div>    <\/div>\n\n<div class=\"is-full-height\" >\n            <div class=\"mariselle-card is-default has-visual link-card has-title\" role=\"region\" >\n\t<div class=\"mariselle-card__head\">\n\t\t<div class=\"mariselle-card__visual\" \t\t>\n\t\t\t<span><img data-src=\"https:\/\/www.gunsel.com.tr\/wp-content\/uploads\/2025\/07\/10\/Gunsel-SSTB-384x250.jpg?ver=955e33a30ea2e304f0d3a6719f2ce003\" sizes=\"(max-width: 384px) 100vw, 384px\" class=\"lazy-image\" width=\"384\" height=\"250\" \/><\/span>\n\t\t<\/div>\n\t\t\t\t\t<div class=\"mariselle-card__subtitle is-hidden\" \t\t\t>\n\t\t\t\t<time>10 July 2025<\/time>\n\t\t\t<\/div>\n\t\t\t<\/div>\n\t\t\t<div class=\"mariselle-card__body\">\n\t\t\t\t\t\t\t<div\n\t\t\t\t\tclass=\"mariselle-card__title is-size-6\" \t\t\t\t>\n\t\t\t\t\t\t\t\t\t\t\t<span>Search and Rescue Vehicles, Wonders of Domestic Engineering, Delivered!<\/span>\n\t\t\t\t\t\t\t\t\t\t<\/div>\n\t\t\t\t<!-- \/mariselle-card__title  -->\n\t\t\t\t\t\t\t\t<\/div>\n\t\t<!-- \/mariselle-card__body  -->\n\t\n\t\t\t<a class=\"link-card__anchor\" href=\"https:\/\/www.gunsel.com.tr\/en\/search-and-rescue-vehicles-wonders-of-domestic-engineering-delivered\/\" >\t\t<\/a>\n\t\t<!-- \/.link__anchor -->\n\t<\/div>    <\/div>\n\n<div class=\"is-full-height\" >\n            <div class=\"mariselle-card is-default has-visual link-card has-title\" role=\"region\" >\n\t<div class=\"mariselle-card__head\">\n\t\t<div class=\"mariselle-card__visual\" \t\t>\n\t\t\t<span><img data-src=\"https:\/\/www.gunsel.com.tr\/wp-content\/uploads\/2024\/02\/27\/IL20240227140958-Almanya-Baden-Wurttemberg-Eyaleti-Turk-Is-Insanlari-YDU-Ziyareti-1-384x250.jpg?ver=83e6f264c8159dcf1e2358d4c1215c3a\" sizes=\"(max-width: 384px) 100vw, 384px\" class=\"lazy-image\" width=\"384\" height=\"250\" \/><\/span>\n\t\t<\/div>\n\t\t\t\t\t<div class=\"mariselle-card__subtitle is-hidden\" \t\t\t>\n\t\t\t\t<time>27 February 2024<\/time>\n\t\t\t<\/div>\n\t\t\t<\/div>\n\t\t\t<div class=\"mariselle-card__body\">\n\t\t\t\t\t\t\t<div\n\t\t\t\t\tclass=\"mariselle-card__title is-size-6\" \t\t\t\t>\n\t\t\t\t\t\t\t\t\t\t\t<span>Germany Baden W\u00fcrttemberg State Turkish Businessmen Council visited G\u00dcNSEL and Near East University within the scope of its business development trip to TRNC<\/span>\n\t\t\t\t\t\t\t\t\t\t<\/div>\n\t\t\t\t<!-- \/mariselle-card__title  -->\n\t\t\t\t\t\t\t\t<\/div>\n\t\t<!-- \/mariselle-card__body  -->\n\t\n\t\t\t<a class=\"link-card__anchor\" href=\"https:\/\/www.gunsel.com.tr\/en\/germany-baden-wurttemberg-state-turkish-businessmen-council-visited-gunsel-and-near-east-university-within-the-scope-of-its-business-development-trip-to-trnc\/\" >\t\t<\/a>\n\t\t<!-- \/.link__anchor -->\n\t<\/div>    <\/div>\n\n<div class=\"is-full-height\" >\n            <div class=\"mariselle-card is-default has-visual link-card has-title\" role=\"region\" >\n\t<div class=\"mariselle-card__head\">\n\t\t<div class=\"mariselle-card__visual\" \t\t>\n\t\t\t<span><img data-src=\"https:\/\/www.gunsel.com.tr\/wp-content\/uploads\/2024\/02\/09\/IL20240212064219-Prof.-Dr.-Mustafa-Sentop-GUNSEL-1-384x250.jpg?ver=b7ae891a44f07eed266e517ca2848143\" sizes=\"(max-width: 384px) 100vw, 384px\" class=\"lazy-image\" width=\"384\" height=\"250\" \/><\/span>\n\t\t<\/div>\n\t\t\t\t\t<div class=\"mariselle-card__subtitle is-hidden\" \t\t\t>\n\t\t\t\t<time>12 February 2024<\/time>\n\t\t\t<\/div>\n\t\t\t<\/div>\n\t\t\t<div class=\"mariselle-card__body\">\n\t\t\t\t\t\t\t<div\n\t\t\t\t\tclass=\"mariselle-card__title is-size-6\" \t\t\t\t>\n\t\t\t\t\t\t\t\t\t\t\t<span>Former President of the Grand National Assembly of Turkey, Prof. Dr. Mustafa \u015eentop, visited TRNC&#8217;s domestic car G\u00dcNSEL and took a test drive<\/span>\n\t\t\t\t\t\t\t\t\t\t<\/div>\n\t\t\t\t<!-- \/mariselle-card__title  -->\n\t\t\t\t\t\t\t\t<\/div>\n\t\t<!-- \/mariselle-card__body  -->\n\t\n\t\t\t<a class=\"link-card__anchor\" href=\"https:\/\/www.gunsel.com.tr\/en\/former-president-of-the-grand-national-assembly-of-turkey-prof-dr-mustafa-sentop-visited-trncs-domestic-car-gunsel-and-took-a-test-drive\/\" >\t\t<\/a>\n\t\t<!-- \/.link__anchor -->\n\t<\/div>    <\/div>\n\n<div class=\"is-full-height\" >\n            <div class=\"mariselle-card is-default has-visual link-card has-title\" role=\"region\" >\n\t<div class=\"mariselle-card__head\">\n\t\t<div class=\"mariselle-card__visual\" \t\t>\n\t\t\t<span><img data-src=\"https:\/\/www.gunsel.com.tr\/wp-content\/uploads\/2024\/01\/19\/Prof.-Dr.-Omer-Bolat-GUNSEL-Ziyareti-3-384x250.jpg?ver=bca5522884f20074d12ec9467728ef47\" sizes=\"(max-width: 384px) 100vw, 384px\" class=\"lazy-image\" width=\"384\" height=\"250\" \/><\/span>\n\t\t<\/div>\n\t\t\t\t\t<div class=\"mariselle-card__subtitle is-hidden\" \t\t\t>\n\t\t\t\t<time>19 January 2024<\/time>\n\t\t\t<\/div>\n\t\t\t<\/div>\n\t\t\t<div class=\"mariselle-card__body\">\n\t\t\t\t\t\t\t<div\n\t\t\t\t\tclass=\"mariselle-card__title is-size-6\" \t\t\t\t>\n\t\t\t\t\t\t\t\t\t\t\t<span>Turkish Minister of Commerce Prof. Dr. \u00d6mer Bolat tested B9, the first model of G\u00dcNSEL, the local and national car of TRNC.<\/span>\n\t\t\t\t\t\t\t\t\t\t<\/div>\n\t\t\t\t<!-- \/mariselle-card__title  -->\n\t\t\t\t\t\t\t\t<\/div>\n\t\t<!-- \/mariselle-card__body  -->\n\t\n\t\t\t<a class=\"link-card__anchor\" href=\"https:\/\/www.gunsel.com.tr\/en\/turkish-minister-of-commerce-prof-dr-omer-bolat-tested-b9-the-first-model-of-gunsel-the-local-and-national-car-of-trnc\/\" >\t\t<\/a>\n\t\t<!-- \/.link__anchor -->\n\t<\/div>    <\/div>\n\n<div class=\"is-full-height\" >\n            <div class=\"mariselle-card is-default has-visual link-card has-title\" role=\"region\" >\n\t<div class=\"mariselle-card__head\">\n\t\t<div class=\"mariselle-card__visual\" \t\t>\n\t\t\t<span><img data-src=\"https:\/\/www.gunsel.com.tr\/wp-content\/uploads\/2024\/01\/12\/IL20240115070605-Mehmet-Fatih-Kacir-GUNSEL-1-scaled-384x250.jpg?ver=4f3f9b0b4da7a5bef885ffc043bb7f15\" sizes=\"(max-width: 384px) 100vw, 384px\" class=\"lazy-image\" width=\"384\" height=\"250\" \/><\/span>\n\t\t<\/div>\n\t\t\t\t\t<div class=\"mariselle-card__subtitle is-hidden\" \t\t\t>\n\t\t\t\t<time>15 January 2024<\/time>\n\t\t\t<\/div>\n\t\t\t<\/div>\n\t\t\t<div class=\"mariselle-card__body\">\n\t\t\t\t\t\t\t<div\n\t\t\t\t\tclass=\"mariselle-card__title is-size-6\" \t\t\t\t>\n\t\t\t\t\t\t\t\t\t\t\t<span>Turkish Minister of Industry and Technology, Mehmet Fatih Kac\u0131r, visited TRNC&#8217;s local and national car, G\u00dcNSEL<\/span>\n\t\t\t\t\t\t\t\t\t\t<\/div>\n\t\t\t\t<!-- \/mariselle-card__title  -->\n\t\t\t\t\t\t\t\t<\/div>\n\t\t<!-- \/mariselle-card__body  -->\n\t\n\t\t\t<a class=\"link-card__anchor\" href=\"https:\/\/www.gunsel.com.tr\/en\/turkish-minister-of-industry-and-technology-mehmet-fatih-kacir-visited-trncs-local-and-national-car-gunsel\/\" >\t\t<\/a>\n\t\t<!-- \/.link__anchor -->\n\t<\/div>    <\/div>\n\n<div class=\"is-full-height\" >\n            <div class=\"mariselle-card is-default has-visual link-card has-title\" role=\"region\" >\n\t<div class=\"mariselle-card__head\">\n\t\t<div class=\"mariselle-card__visual\" \t\t>\n\t\t\t<span><img data-src=\"https:\/\/www.gunsel.com.tr\/wp-content\/uploads\/2023\/11\/16\/IL20231116074927-1-GUNSEL-15-Kasm-3-384x250.jpg?ver=38c733c3569ecf18499253ec1a68dd9e\" sizes=\"(max-width: 384px) 100vw, 384px\" class=\"lazy-image\" width=\"384\" height=\"250\" \/><\/span>\n\t\t<\/div>\n\t\t\t\t\t<div class=\"mariselle-card__subtitle is-hidden\" \t\t\t>\n\t\t\t\t<time>16 November 2023<\/time>\n\t\t\t<\/div>\n\t\t\t<\/div>\n\t\t\t<div class=\"mariselle-card__body\">\n\t\t\t\t\t\t\t<div\n\t\t\t\t\tclass=\"mariselle-card__title is-size-6\" \t\t\t\t>\n\t\t\t\t\t\t\t\t\t\t\t<span>G\u00dcNSEL, the national and domestic car of TRNC, took part in the official parade cortege with its colorful prototypes on the 40th anniversary of the Republic<\/span>\n\t\t\t\t\t\t\t\t\t\t<\/div>\n\t\t\t\t<!-- \/mariselle-card__title  -->\n\t\t\t\t\t\t\t\t<\/div>\n\t\t<!-- \/mariselle-card__body  -->\n\t\n\t\t\t<a class=\"link-card__anchor\" href=\"https:\/\/www.gunsel.com.tr\/en\/gunsel-the-national-and-domestic-car-of-trnc-took-part-in-the-official-parade-cortege-with-its-colorful-prototypes-on-the-40th-anniversary-of-the-republic\/\" >\t\t<\/a>\n\t\t<!-- \/.link__anchor -->\n\t<\/div>    <\/div>\n\n<div class=\"is-full-height\" >\n            <div class=\"mariselle-card is-default has-visual link-card has-title\" role=\"region\" >\n\t<div class=\"mariselle-card__head\">\n\t\t<div class=\"mariselle-card__visual\" \t\t>\n\t\t\t<span><img data-src=\"https:\/\/www.gunsel.com.tr\/wp-content\/uploads\/2023\/07\/21\/20-Temmuz-Torenleri_-GUNSEL-1-384x250.jpg?ver=5da94d9cbaaf641b73bfb272026c30d0\" sizes=\"(max-width: 384px) 100vw, 384px\" class=\"lazy-image\" width=\"384\" height=\"250\" \/><\/span>\n\t\t<\/div>\n\t\t\t\t\t<div class=\"mariselle-card__subtitle is-hidden\" \t\t\t>\n\t\t\t\t<time>21 July 2023<\/time>\n\t\t\t<\/div>\n\t\t\t<\/div>\n\t\t\t<div class=\"mariselle-card__body\">\n\t\t\t\t\t\t\t<div\n\t\t\t\t\tclass=\"mariselle-card__title is-size-6\" \t\t\t\t>\n\t\t\t\t\t\t\t\t\t\t\t<span>TRNC&#8217;s national car G\u00dcNSEL took part in the ceremonial cortege with the colorful prototypes of its first model B9 at the celebrations of the 49th anniversary of the Cyprus Peace Operation carried out with the participation of President Recep Tayyip Erdo\u011fan!<\/span>\n\t\t\t\t\t\t\t\t\t\t<\/div>\n\t\t\t\t<!-- \/mariselle-card__title  -->\n\t\t\t\t\t\t\t\t<\/div>\n\t\t<!-- \/mariselle-card__body  -->\n\t\n\t\t\t<a class=\"link-card__anchor\" href=\"https:\/\/www.gunsel.com.tr\/en\/trncs-national-car-gunsel-took-part-in-the-ceremonial-cortege-with-the-colorful-prototypes-of-its-first-model-b9-at-the-celebrations-of-the-49th-anniversary-of-the-cyprus-peace-operation-carried-out\/\" >\t\t<\/a>\n\t\t<!-- \/.link__anchor -->\n\t<\/div>    <\/div>\n\n<div class=\"is-full-height\" >\n            <div class=\"mariselle-card is-default has-visual link-card has-title\" role=\"region\" >\n\t<div class=\"mariselle-card__head\">\n\t\t<div class=\"mariselle-card__visual\" \t\t>\n\t\t\t<span><img data-src=\"https:\/\/www.gunsel.com.tr\/wp-content\/uploads\/2023\/07\/11\/GUNSEL-BILIMFEST-Kibris-2-384x250.jpeg?ver=73ce9b87de72b2a39f398fdc8f011b17\" sizes=\"(max-width: 384px) 100vw, 384px\" class=\"lazy-image\" width=\"384\" height=\"250\" \/><\/span>\n\t\t<\/div>\n\t\t\t\t\t<div class=\"mariselle-card__subtitle is-hidden\" \t\t\t>\n\t\t\t\t<time>11 July 2023<\/time>\n\t\t\t<\/div>\n\t\t\t<\/div>\n\t\t\t<div class=\"mariselle-card__body\">\n\t\t\t\t\t\t\t<div\n\t\t\t\t\tclass=\"mariselle-card__title is-size-6\" \t\t\t\t>\n\t\t\t\t\t\t\t\t\t\t\t<span>BILIMFEST, the first science festival in TRNC, in Cyprus, the domestic and national car G\u00dcNSEL attracted great attention.<\/span>\n\t\t\t\t\t\t\t\t\t\t<\/div>\n\t\t\t\t<!-- \/mariselle-card__title  -->\n\t\t\t\t\t\t\t\t<\/div>\n\t\t<!-- \/mariselle-card__body  -->\n\t\n\t\t\t<a class=\"link-card__anchor\" href=\"https:\/\/www.gunsel.com.tr\/en\/bilimfest-the-first-science-festival-in-trnc-in-cyprus-the-domestic-and-national-car-gunsel-attracted-great-attention\/\" >\t\t<\/a>\n\t\t<!-- \/.link__anchor -->\n\t<\/div>    <\/div>\n\n<div class=\"is-full-height\" >\n            <div class=\"mariselle-card is-default has-visual link-card has-title\" role=\"region\" >\n\t<div class=\"mariselle-card__head\">\n\t\t<div class=\"mariselle-card__visual\" \t\t>\n\t\t\t<span><img data-src=\"https:\/\/www.gunsel.com.tr\/wp-content\/uploads\/2023\/07\/10\/YDK-GUNSEL-1-384x250.jpg?ver=212b299877c452498764c1d43ea54631\" sizes=\"(max-width: 384px) 100vw, 384px\" class=\"lazy-image\" width=\"384\" height=\"250\" \/><\/span>\n\t\t<\/div>\n\t\t\t\t\t<div class=\"mariselle-card__subtitle is-hidden\" \t\t\t>\n\t\t\t\t<time>10 July 2023<\/time>\n\t\t\t<\/div>\n\t\t\t<\/div>\n\t\t\t<div class=\"mariselle-card__body\">\n\t\t\t\t\t\t\t<div\n\t\t\t\t\tclass=\"mariselle-card__title is-size-6\" \t\t\t\t>\n\t\t\t\t\t\t\t\t\t\t\t<span>Students who were entitled to receive education with the Dr. Suat G\u00fcnsel Scholarship at Near East College visited G\u00dcNSEL with their families.<\/span>\n\t\t\t\t\t\t\t\t\t\t<\/div>\n\t\t\t\t<!-- \/mariselle-card__title  -->\n\t\t\t\t\t\t\t\t<\/div>\n\t\t<!-- \/mariselle-card__body  -->\n\t\n\t\t\t<a class=\"link-card__anchor\" href=\"https:\/\/www.gunsel.com.tr\/en\/students-who-were-entitled-to-receive-education-with-the-dr-suat-gunsel-scholarship-at-near-east-college-visited-gunsel-with-their-families\/\" >\t\t<\/a>\n\t\t<!-- \/.link__anchor -->\n\t<\/div>    <\/div>\n\n<div class=\"is-full-height\" >\n            <div class=\"mariselle-card is-default has-visual link-card has-title\" role=\"region\" >\n\t<div class=\"mariselle-card__head\">\n\t\t<div class=\"mariselle-card__visual\" \t\t>\n\t\t\t<span><img data-src=\"https:\/\/www.gunsel.com.tr\/wp-content\/uploads\/2023\/05\/02\/SAM-Baskani-Buyukelci-Dr.-Hasan-Ulusoy-YDU-Ziyaret-i-1-384x250.jpeg?ver=6c80415a81f56f38821a924442e01c26\" sizes=\"(max-width: 384px) 100vw, 384px\" class=\"lazy-image\" width=\"384\" height=\"250\" \/><\/span>\n\t\t<\/div>\n\t\t\t\t\t<div class=\"mariselle-card__subtitle is-hidden\" \t\t\t>\n\t\t\t\t<time>02 May 2023<\/time>\n\t\t\t<\/div>\n\t\t\t<\/div>\n\t\t\t<div class=\"mariselle-card__body\">\n\t\t\t\t\t\t\t<div\n\t\t\t\t\tclass=\"mariselle-card__title is-size-6\" \t\t\t\t>\n\t\t\t\t\t\t\t\t\t\t\t<span>Ambassador Dr. Hasan Ulusoy, Head of Strategic Studies Center of the Ministry of Foreign Affairs of the Republic of Turkey, visited Near East University and took a test drive with G\u00dcNSEL B9.<\/span>\n\t\t\t\t\t\t\t\t\t\t<\/div>\n\t\t\t\t<!-- \/mariselle-card__title  -->\n\t\t\t\t\t\t\t\t<\/div>\n\t\t<!-- \/mariselle-card__body  -->\n\t\n\t\t\t<a class=\"link-card__anchor\" href=\"https:\/\/www.gunsel.com.tr\/en\/ambassador-dr-hasan-ulusoy-head-of-strategic-studies-center-of-the-ministry-of-foreign-affairs-of-the-republic-of-turkey-visited-near-east-university-and-took-a-test-drive-with-gunsel-b9\/\" >\t\t<\/a>\n\t\t<!-- \/.link__anchor -->\n\t<\/div>    <\/div>\n\n<div class=\"is-full-height\" >\n            <div class=\"mariselle-card is-default has-visual link-card has-title\" role=\"region\" >\n\t<div class=\"mariselle-card__head\">\n\t\t<div class=\"mariselle-card__visual\" \t\t>\n\t\t\t<span><img data-src=\"https:\/\/www.gunsel.com.tr\/wp-content\/uploads\/2023\/04\/10\/IL20230410125837-FIRST-Robotics-Competition-1-scaled-384x250.jpg?ver=d7456c172acdfe823cfe0716a13ed2b4\" sizes=\"(max-width: 384px) 100vw, 384px\" class=\"lazy-image\" width=\"384\" height=\"250\" \/><\/span>\n\t\t<\/div>\n\t\t\t\t\t<div class=\"mariselle-card__subtitle is-hidden\" \t\t\t>\n\t\t\t\t<time>10 April 2023<\/time>\n\t\t\t<\/div>\n\t\t\t<\/div>\n\t\t\t<div class=\"mariselle-card__body\">\n\t\t\t\t\t\t\t<div\n\t\t\t\t\tclass=\"mariselle-card__title is-size-6\" \t\t\t\t>\n\t\t\t\t\t\t\t\t\t\t\t<span>Engineering scholarship from Near East University and internship and job opportunities from G\u00dcNSEL to the students of 153 teams from 9 countries competing in the Istanbul leg of the FIRST Robotics Competition!<\/span>\n\t\t\t\t\t\t\t\t\t\t<\/div>\n\t\t\t\t<!-- \/mariselle-card__title  -->\n\t\t\t\t\t\t\t\t<\/div>\n\t\t<!-- \/mariselle-card__body  -->\n\t\n\t\t\t<a class=\"link-card__anchor\" href=\"https:\/\/www.gunsel.com.tr\/en\/engineering-scholarship-from-near-east-university-and-internship-and-job-opportunities-from-gunsel-to-the-students-of-153-teams-from-9-countries-competing-in-the-istanbul-leg-of-the-first-robotics-com\/\" >\t\t<\/a>\n\t\t<!-- \/.link__anchor -->\n\t<\/div>    <\/div>\n\n<div class=\"is-full-height\" >\n            <div class=\"mariselle-card is-default has-visual link-card has-title\" role=\"region\" >\n\t<div class=\"mariselle-card__head\">\n\t\t<div class=\"mariselle-card__visual\" \t\t>\n\t\t\t<span><img data-src=\"https:\/\/www.gunsel.com.tr\/wp-content\/uploads\/2023\/02\/06\/Yakin-Dogu-Universitesi-Inovasyon-ve-Teknoloji-Merkezi-384x250.jpg?ver=3b6a0a6e6cad2a4cbd2ed1453c7e13df\" sizes=\"(max-width: 384px) 100vw, 384px\" class=\"lazy-image\" width=\"384\" height=\"250\" \/><\/span>\n\t\t<\/div>\n\t\t\t\t\t<div class=\"mariselle-card__subtitle is-hidden\" \t\t\t>\n\t\t\t\t<time>06 April 2023<\/time>\n\t\t\t<\/div>\n\t\t\t<\/div>\n\t\t\t<div class=\"mariselle-card__body\">\n\t\t\t\t\t\t\t<div\n\t\t\t\t\tclass=\"mariselle-card__title is-size-6\" \t\t\t\t>\n\t\t\t\t\t\t\t\t\t\t\t<span>Near East University is the best in the TRNC in the field of engineering, the best foundation university in Turkey!<\/span>\n\t\t\t\t\t\t\t\t\t\t<\/div>\n\t\t\t\t<!-- \/mariselle-card__title  -->\n\t\t\t\t\t\t\t\t<\/div>\n\t\t<!-- \/mariselle-card__body  -->\n\t\n\t\t\t<a class=\"link-card__anchor\" href=\"https:\/\/www.gunsel.com.tr\/en\/near-east-university-is-the-best-in-the-trnc-in-the-field-of-engineering-the-best-foundation-university-in-turkey\/\" >\t\t<\/a>\n\t\t<!-- \/.link__anchor -->\n\t<\/div>    <\/div>\n\n<div class=\"is-full-height\" >\n            <div class=\"mariselle-card is-default has-visual link-card has-title\" role=\"region\" >\n\t<div class=\"mariselle-card__head\">\n\t\t<div class=\"mariselle-card__visual\" \t\t>\n\t\t\t<span><img data-src=\"https:\/\/www.gunsel.com.tr\/wp-content\/uploads\/2023\/02\/06\/Muhammet-Keles-Samet-Ozturk-Pinar-Ozturk-ve-Emre-Uyar-soldan-saga-384x250.jpg?ver=3b6a0a6e6cad2a4cbd2ed1453c7e13df\" sizes=\"(max-width: 384px) 100vw, 384px\" class=\"lazy-image\" width=\"384\" height=\"250\" \/><\/span>\n\t\t<\/div>\n\t\t\t\t\t<div class=\"mariselle-card__subtitle is-hidden\" \t\t\t>\n\t\t\t\t<time>06 February 2023<\/time>\n\t\t\t<\/div>\n\t\t\t<\/div>\n\t\t\t<div class=\"mariselle-card__body\">\n\t\t\t\t\t\t\t<div\n\t\t\t\t\tclass=\"mariselle-card__title is-size-6\" \t\t\t\t>\n\t\t\t\t\t\t\t\t\t\t\t<span>G\u00dcNSEL professionals will transfer their experiences in the automotive industry to engineering students through the courses they will give at the Near East University Faculty of Engineering.<\/span>\n\t\t\t\t\t\t\t\t\t\t<\/div>\n\t\t\t\t<!-- \/mariselle-card__title  -->\n\t\t\t\t\t\t\t\t<\/div>\n\t\t<!-- \/mariselle-card__body  -->\n\t\n\t\t\t<a class=\"link-card__anchor\" href=\"https:\/\/www.gunsel.com.tr\/en\/gunsel-professionals-will-transfer-their-experiences-in-the-automotive-industry-to-engineering-students-through-the-courses-they-will-give-at-the-near-east-university-faculty-of-engineering\/\" >\t\t<\/a>\n\t\t<!-- \/.link__anchor -->\n\t<\/div>    <\/div>\n\n<div class=\"is-full-height\" >\n            <div class=\"mariselle-card is-default has-visual link-card has-title\" role=\"region\" >\n\t<div class=\"mariselle-card__head\">\n\t\t<div class=\"mariselle-card__visual\" \t\t>\n\t\t\t<span><img data-src=\"https:\/\/www.gunsel.com.tr\/wp-content\/uploads\/2023\/02\/02\/Usak-Heyeti-Gunsel-Ziyareti-1-384x250.jpeg?ver=54d7c08e81ddaf7d2da8f28ee91e634c\" sizes=\"(max-width: 384px) 100vw, 384px\" class=\"lazy-image\" width=\"384\" height=\"250\" \/><\/span>\n\t\t<\/div>\n\t\t\t\t\t<div class=\"mariselle-card__subtitle is-hidden\" \t\t\t>\n\t\t\t\t<time>02 February 2023<\/time>\n\t\t\t<\/div>\n\t\t\t<\/div>\n\t\t\t<div class=\"mariselle-card__body\">\n\t\t\t\t\t\t\t<div\n\t\t\t\t\tclass=\"mariselle-card__title is-size-6\" \t\t\t\t>\n\t\t\t\t\t\t\t\t\t\t\t<span>U\u015fak Mayor Mehmet \u00c7ak\u0131n visited the TRNC&#8217;s domestic car G\u00dcNSEL with his delegation and took a test drive.<\/span>\n\t\t\t\t\t\t\t\t\t\t<\/div>\n\t\t\t\t<!-- \/mariselle-card__title  -->\n\t\t\t\t\t\t\t\t<\/div>\n\t\t<!-- \/mariselle-card__body  -->\n\t\n\t\t\t<a class=\"link-card__anchor\" href=\"https:\/\/www.gunsel.com.tr\/en\/usak-mayor-mehmet-cakin-visited-the-trncs-domestic-car-gunsel-with-his-delegation-and-took-a-test-drive\/\" >\t\t<\/a>\n\t\t<!-- \/.link__anchor -->\n\t<\/div>    <\/div>\n\n<div class=\"is-full-height\" >\n            <div class=\"mariselle-card is-default has-visual link-card has-title\" role=\"region\" >\n\t<div class=\"mariselle-card__head\">\n\t\t<div class=\"mariselle-card__visual\" \t\t>\n\t\t\t<span><img data-src=\"https:\/\/www.gunsel.com.tr\/wp-content\/uploads\/2022\/12\/01\/IL20221202062637-DSC_0124-384x250.jpg?ver=431b1d569870be51fb2a4366490f03c1\" sizes=\"(max-width: 384px) 100vw, 384px\" class=\"lazy-image\" width=\"384\" height=\"250\" \/><\/span>\n\t\t<\/div>\n\t\t\t\t\t<div class=\"mariselle-card__subtitle is-hidden\" \t\t\t>\n\t\t\t\t<time>02 December 2022<\/time>\n\t\t\t<\/div>\n\t\t\t<\/div>\n\t\t\t<div class=\"mariselle-card__body\">\n\t\t\t\t\t\t\t<div\n\t\t\t\t\tclass=\"mariselle-card__title is-size-6\" \t\t\t\t>\n\t\t\t\t\t\t\t\t\t\t\t<span>Gambia Vice President Badara Alieu Joof visited the Near East University as part of his contacts in the TRNC and tested the TRNC&#8217;s domestic car G\u00dcNSEL B9<\/span>\n\t\t\t\t\t\t\t\t\t\t<\/div>\n\t\t\t\t<!-- \/mariselle-card__title  -->\n\t\t\t\t\t\t\t\t<\/div>\n\t\t<!-- \/mariselle-card__body  -->\n\t\n\t\t\t<a class=\"link-card__anchor\" href=\"https:\/\/www.gunsel.com.tr\/en\/gambia-vice-president-badara-alieu-joof-visited-the-near-east-university-as-part-of-his-contacts-in-the-trnc-and-tested-the-trncs-domestic-car-gunsel-b9\/\" >\t\t<\/a>\n\t\t<!-- \/.link__anchor -->\n\t<\/div>    <\/div>\n\n<div class=\"is-full-height\" >\n            <div class=\"mariselle-card is-default has-visual link-card has-title\" role=\"region\" >\n\t<div class=\"mariselle-card__head\">\n\t\t<div class=\"mariselle-card__visual\" \t\t>\n\t\t\t<span><img data-src=\"https:\/\/www.gunsel.com.tr\/wp-content\/uploads\/2022\/11\/15\/IL20221115132453-GUNSEL-15-KASIM-CUMHURIYET-1-384x250.jpg?ver=999b239c96645dcef89046f8260d4e66\" sizes=\"(max-width: 384px) 100vw, 384px\" class=\"lazy-image\" width=\"384\" height=\"250\" \/><\/span>\n\t\t<\/div>\n\t\t\t\t\t<div class=\"mariselle-card__subtitle is-hidden\" \t\t\t>\n\t\t\t\t<time>15 November 2022<\/time>\n\t\t\t<\/div>\n\t\t\t<\/div>\n\t\t\t<div class=\"mariselle-card__body\">\n\t\t\t\t\t\t\t<div\n\t\t\t\t\tclass=\"mariselle-card__title is-size-6\" \t\t\t\t>\n\t\t\t\t\t\t\t\t\t\t\t<span>In celebration of the 39th anniversary of the TRNC, the national car of the country, G\u00dcNSEL, is in the Republic cortege with 13 prototypes of its first model B9!<\/span>\n\t\t\t\t\t\t\t\t\t\t<\/div>\n\t\t\t\t<!-- \/mariselle-card__title  -->\n\t\t\t\t\t\t\t\t<\/div>\n\t\t<!-- \/mariselle-card__body  -->\n\t\n\t\t\t<a class=\"link-card__anchor\" href=\"https:\/\/www.gunsel.com.tr\/en\/in-celebration-of-the-39th-anniversary-of-the-trnc-the-national-car-of-the-country-gunsel-is-in-the-republic-cortege-with-13-prototypes-of-its-first-model-b9\/\" >\t\t<\/a>\n\t\t<!-- \/.link__anchor -->\n\t<\/div>    <\/div>\n\n<div class=\"is-full-height\" >\n            <div class=\"mariselle-card is-default has-visual link-card has-title\" role=\"region\" >\n\t<div class=\"mariselle-card__head\">\n\t\t<div class=\"mariselle-card__visual\" \t\t>\n\t\t\t<span><img data-src=\"https:\/\/www.gunsel.com.tr\/wp-content\/uploads\/2022\/10\/20\/IL20221020111840-Aile-ve-Sosyal-Hizmetler-Bakan-Yardimcisi-Ridvan-Duran-GUNSEL-Ziyareti-1-384x250.jpg?ver=c2cea10bc2e282d5c42fa66547b96f1a\" sizes=\"(max-width: 384px) 100vw, 384px\" class=\"lazy-image\" width=\"384\" height=\"250\" \/><\/span>\n\t\t<\/div>\n\t\t\t\t\t<div class=\"mariselle-card__subtitle is-hidden\" \t\t\t>\n\t\t\t\t<time>20 October 2022<\/time>\n\t\t\t<\/div>\n\t\t\t<\/div>\n\t\t\t<div class=\"mariselle-card__body\">\n\t\t\t\t\t\t\t<div\n\t\t\t\t\tclass=\"mariselle-card__title is-size-6\" \t\t\t\t>\n\t\t\t\t\t\t\t\t\t\t\t<span>R\u0131dvan Duran, Deputy Minister of Family and Social Services of the Republic of Turkey, visited G\u00dcNSEL and made a test drive with the TRNC&#8217;s domestic car<\/span>\n\t\t\t\t\t\t\t\t\t\t<\/div>\n\t\t\t\t<!-- \/mariselle-card__title  -->\n\t\t\t\t\t\t\t\t<\/div>\n\t\t<!-- \/mariselle-card__body  -->\n\t\n\t\t\t<a class=\"link-card__anchor\" href=\"https:\/\/www.gunsel.com.tr\/en\/ridvan-duran-deputy-minister-of-family-and-social-services-of-the-republic-of-turkey-visited-gunsel-and-made-a-test-drive-with-the-trncs-domestic-car\/\" >\t\t<\/a>\n\t\t<!-- \/.link__anchor -->\n\t<\/div>    <\/div>\n\n<div class=\"is-full-height\" >\n            <div class=\"mariselle-card is-default has-visual link-card has-title\" role=\"region\" >\n\t<div class=\"mariselle-card__head\">\n\t\t<div class=\"mariselle-card__visual\" \t\t>\n\t\t\t<span><img data-src=\"https:\/\/www.gunsel.com.tr\/wp-content\/uploads\/2022\/10\/04\/IL20221005060500-TC-Lefkosa-Buyukelciligi-GUNSEL-3-scaled-384x250.jpg?ver=c2cea10bc2e282d5c42fa66547b96f1a\" sizes=\"(max-width: 384px) 100vw, 384px\" class=\"lazy-image\" width=\"384\" height=\"250\" \/><\/span>\n\t\t<\/div>\n\t\t\t\t\t<div class=\"mariselle-card__subtitle is-hidden\" \t\t\t>\n\t\t\t\t<time>04 October 2022<\/time>\n\t\t\t<\/div>\n\t\t\t<\/div>\n\t\t\t<div class=\"mariselle-card__body\">\n\t\t\t\t\t\t\t<div\n\t\t\t\t\tclass=\"mariselle-card__title is-size-6\" \t\t\t\t>\n\t\t\t\t\t\t\t\t\t\t\t<span>Ambassador of the Republic of Turkey to Nicosia Ali Murat Ba\u015fceri: \u201cRaising people and young people who design their future in this country is extremely important for the future of the TRNC. Realizing this can only be possible with projects like G\u00dcNSEL and such facilities.\u201d<\/span>\n\t\t\t\t\t\t\t\t\t\t<\/div>\n\t\t\t\t<!-- \/mariselle-card__title  -->\n\t\t\t\t\t\t\t\t<\/div>\n\t\t<!-- \/mariselle-card__body  -->\n\t\n\t\t\t<a class=\"link-card__anchor\" href=\"https:\/\/www.gunsel.com.tr\/en\/ambassador-of-the-republic-of-turkey-to-nicosia-ali-murat-basceri-raising-people-and-young-people-who-design-their-future-in-this-country-is-extremely-important-for-the-future-of-the-trnc-r\/\" >\t\t<\/a>\n\t\t<!-- \/.link__anchor -->\n\t<\/div>    <\/div>\n\n<div class=\"is-full-height\" >\n            <div class=\"mariselle-card is-default has-visual link-card has-title\" role=\"region\" >\n\t<div class=\"mariselle-card__head\">\n\t\t<div class=\"mariselle-card__visual\" \t\t>\n\t\t\t<span><img data-src=\"https:\/\/www.gunsel.com.tr\/wp-content\/uploads\/2022\/09\/01\/IL20220902051907-UBP-YDP-GUNSEL-Ziyareti-1-scaled-384x250.jpeg?ver=999b239c96645dcef89046f8260d4e66\" sizes=\"(max-width: 384px) 100vw, 384px\" class=\"lazy-image\" width=\"384\" height=\"250\" \/><\/span>\n\t\t<\/div>\n\t\t\t\t\t<div class=\"mariselle-card__subtitle is-hidden\" \t\t\t>\n\t\t\t\t<time>01 September 2022<\/time>\n\t\t\t<\/div>\n\t\t\t<\/div>\n\t\t\t<div class=\"mariselle-card__body\">\n\t\t\t\t\t\t\t<div\n\t\t\t\t\tclass=\"mariselle-card__title is-size-6\" \t\t\t\t>\n\t\t\t\t\t\t\t\t\t\t\t<span>Government deputies visited G\u00dcNSEL: \u201cvery important political steps to be taken in order to pave the way for G\u00dcNSEL  which will bring an industrial transformation in our country are waiting for us.\u201d<\/span>\n\t\t\t\t\t\t\t\t\t\t<\/div>\n\t\t\t\t<!-- \/mariselle-card__title  -->\n\t\t\t\t\t\t\t\t<\/div>\n\t\t<!-- \/mariselle-card__body  -->\n\t\n\t\t\t<a class=\"link-card__anchor\" href=\"https:\/\/www.gunsel.com.tr\/en\/government-deputies-visited-gunsel-very-important-political-steps-to-be-taken-in-order-to-pave-the-way-for-gunsel-which-will-bring-an-industrial-transformation-in-our-country-are-waiting-fo\/\" >\t\t<\/a>\n\t\t<!-- \/.link__anchor -->\n\t<\/div>    <\/div>\n\n<div class=\"is-full-height\" >\n            <div class=\"mariselle-card is-default has-visual link-card has-title\" role=\"region\" >\n\t<div class=\"mariselle-card__head\">\n\t\t<div class=\"mariselle-card__visual\" \t\t>\n\t\t\t<span><img data-src=\"https:\/\/www.gunsel.com.tr\/wp-content\/uploads\/2022\/08\/29\/IL20220831052329-CTP-GUNSEL-1-scaled-384x250.jpg?ver=649bda155380b588f6d81afcbba6d5be\" sizes=\"(max-width: 384px) 100vw, 384px\" class=\"lazy-image\" width=\"384\" height=\"250\" \/><\/span>\n\t\t<\/div>\n\t\t\t\t\t<div class=\"mariselle-card__subtitle is-hidden\" \t\t\t>\n\t\t\t\t<time>30 August 2022<\/time>\n\t\t\t<\/div>\n\t\t\t<\/div>\n\t\t\t<div class=\"mariselle-card__body\">\n\t\t\t\t\t\t\t<div\n\t\t\t\t\tclass=\"mariselle-card__title is-size-6\" \t\t\t\t>\n\t\t\t\t\t\t\t\t\t\t\t<span>CTP Central Board Member Fikri Toros: \u201cMany legal regulations must be made simultaneously with G\u00dcNSEL\u2019s mass production process. As CTP, we are here to support you.\u201d<\/span>\n\t\t\t\t\t\t\t\t\t\t<\/div>\n\t\t\t\t<!-- \/mariselle-card__title  -->\n\t\t\t\t\t\t\t\t<\/div>\n\t\t<!-- \/mariselle-card__body  -->\n\t\n\t\t\t<a class=\"link-card__anchor\" href=\"https:\/\/www.gunsel.com.tr\/en\/ctp-central-board-member-fikri-toros-many-legal-regulations-must-be-made-simultaneously-with-gunsels-mass-production-process-as-ctp-we-are-here-to-support-you\/\" >\t\t<\/a>\n\t\t<!-- \/.link__anchor -->\n\t<\/div>    <\/div>\n\n<div class=\"is-full-height\" >\n            <div class=\"mariselle-card is-default has-visual link-card has-title\" role=\"region\" >\n\t<div class=\"mariselle-card__head\">\n\t\t<div class=\"mariselle-card__visual\" \t\t>\n\t\t\t<span><img data-src=\"https:\/\/www.gunsel.com.tr\/wp-content\/uploads\/2022\/08\/29\/IL20220829054353-GUNSEL-Meslegim-Elimde-1-384x250.jpg?ver=871275501e87b657dc95f170f4109fd1\" sizes=\"(max-width: 384px) 100vw, 384px\" class=\"lazy-image\" width=\"384\" height=\"250\" \/><\/span>\n\t\t<\/div>\n\t\t\t\t\t<div class=\"mariselle-card__subtitle is-hidden\" \t\t\t>\n\t\t\t\t<time>29 August 2022<\/time>\n\t\t\t<\/div>\n\t\t\t<\/div>\n\t\t\t<div class=\"mariselle-card__body\">\n\t\t\t\t\t\t\t<div\n\t\t\t\t\tclass=\"mariselle-card__title is-size-6\" \t\t\t\t>\n\t\t\t\t\t\t\t\t\t\t\t<span>The first graduates of G\u00dcNSEL Academy have been placed in the undergraduate and associate degree departments of Near East University with a job guarantee and 100% scholarship at G\u00dcNSEL<\/span>\n\t\t\t\t\t\t\t\t\t\t<\/div>\n\t\t\t\t<!-- \/mariselle-card__title  -->\n\t\t\t\t\t\t\t\t<\/div>\n\t\t<!-- \/mariselle-card__body  -->\n\t\n\t\t\t<a class=\"link-card__anchor\" href=\"https:\/\/www.gunsel.com.tr\/en\/the-first-graduates-of-gunsel-academy-have-been-placed-in-the-undergraduate-and-associate-degree-departments-of-near-east-university-with-a-job-guarantee-and-100-scholarship-at-gunsel\/\" >\t\t<\/a>\n\t\t<!-- \/.link__anchor -->\n\t<\/div>    <\/div>\n\n<div class=\"is-full-height\" >\n            <div class=\"mariselle-card is-default has-visual link-card has-title\" role=\"region\" >\n\t<div class=\"mariselle-card__head\">\n\t\t<div class=\"mariselle-card__visual\" \t\t>\n\t\t\t<span><img data-src=\"https:\/\/www.gunsel.com.tr\/wp-content\/uploads\/2022\/08\/23\/Bakanlar-Kurulu-GUNSEL-Ziyareti-1-384x250.jpg?ver=93739e356f8ce2d33328cba4428aa83c\" sizes=\"(max-width: 384px) 100vw, 384px\" class=\"lazy-image\" width=\"384\" height=\"250\" \/><\/span>\n\t\t<\/div>\n\t\t\t\t\t<div class=\"mariselle-card__subtitle is-hidden\" \t\t\t>\n\t\t\t\t<time>23 August 2022<\/time>\n\t\t\t<\/div>\n\t\t\t<\/div>\n\t\t\t<div class=\"mariselle-card__body\">\n\t\t\t\t\t\t\t<div\n\t\t\t\t\tclass=\"mariselle-card__title is-size-6\" \t\t\t\t>\n\t\t\t\t\t\t\t\t\t\t\t<span>Prime Minister \u00dcnal \u00dcstel: \u201cAs the government, we will provide every support and ensure that G\u00dcNSEL, which the Near East University has developed with its own means,  opens to the world.\u201d<\/span>\n\t\t\t\t\t\t\t\t\t\t<\/div>\n\t\t\t\t<!-- \/mariselle-card__title  -->\n\t\t\t\t\t\t\t\t<\/div>\n\t\t<!-- \/mariselle-card__body  -->\n\t\n\t\t\t<a class=\"link-card__anchor\" href=\"https:\/\/www.gunsel.com.tr\/en\/prime-minister-unal-ustel-as-the-government-we-will-provide-every-support-and-ensure-that-gunsel-which-the-near-east-university-has-developed-with-its-own-means-opens-to-the-world\/\" >\t\t<\/a>\n\t\t<!-- \/.link__anchor -->\n\t<\/div>    <\/div>\n<\/div>\n<!--\/. mariselle-source..mariselle-popup-gallery.is-grid -->\n\t<\/div>\n\t<\/div>\n<\/div>\n\n\t<\/div>\n\t<!-- \/.container -->\n<\/section>\n\n\n","protected":false},"excerpt":{"rendered":"","protected":false},"author":11,"featured_media":0,"parent":0,"menu_order":0,"comment_status":"closed","ping_status":"closed","template":"","meta":{"footnotes":""},"class_list":["post-9298","page","type-page","status-publish","hentry"],"_links":{"self":[{"href":"https:\/\/www.gunsel.com.tr\/en\/wp-json\/wp\/v2\/pages\/9298","targetHints":{"allow":["GET"]}}],"collection":[{"href":"https:\/\/www.gunsel.com.tr\/en\/wp-json\/wp\/v2\/pages"}],"about":[{"href":"https:\/\/www.gunsel.com.tr\/en\/wp-json\/wp\/v2\/types\/page"}],"author":[{"embeddable":true,"href":"https:\/\/www.gunsel.com.tr\/en\/wp-json\/wp\/v2\/users\/11"}],"replies":[{"embeddable":true,"href":"https:\/\/www.gunsel.com.tr\/en\/wp-json\/wp\/v2\/comments?post=9298"}],"version-history":[{"count":14,"href":"https:\/\/www.gunsel.com.tr\/en\/wp-json\/wp\/v2\/pages\/9298\/revisions"}],"predecessor-version":[{"id":9785,"href":"https:\/\/www.gunsel.com.tr\/en\/wp-json\/wp\/v2\/pages\/9298\/revisions\/9785"}],"wp:attachment":[{"href":"https:\/\/www.gunsel.com.tr\/en\/wp-json\/wp\/v2\/media?parent=9298"}],"curies":[{"name":"wp","href":"https:\/\/api.w.org\/{rel}","templated":true}]}}